{"id":349,"date":"2013-12-13T15:12:56","date_gmt":"2013-12-13T15:12:56","guid":{"rendered":"http:\/\/www.alter-nativ.fr\/label\/?page_id=349"},"modified":"2015-01-16T09:55:41","modified_gmt":"2015-01-16T09:55:41","slug":"metal","status":"publish","type":"page","link":"http:\/\/www.alter-nativ.fr\/label\/metal\/","title":{"rendered":"M&#038;T@L"},"content":{"rendered":"<p><img loading=\"lazy\" class=\"alignnone size-full wp-image-406\" title=\"metal-group3\" src=\"http:\/\/www.alter-nativ.fr\/label\/wp-content\/uploads\/2013\/12\/metal-group3.jpg\" alt=\"m&amp;t@l - metal - trio\" width=\"580\" height=\"325\" srcset=\"http:\/\/www.alter-nativ.fr\/label\/wp-content\/uploads\/2013\/12\/metal-group3.jpg 580w, http:\/\/www.alter-nativ.fr\/label\/wp-content\/uploads\/2013\/12\/metal-group3-300x168.jpg 300w, http:\/\/www.alter-nativ.fr\/label\/wp-content\/uploads\/2013\/12\/metal-group3-204x114.jpg 204w\" sizes=\"(max-width: 580px) 100vw, 580px\" \/><\/p>\n<h2><strong>Du Jazz et du M\u00e9tal en Fusion.<\/strong><\/h2>\n<p>Form\u00e9 \u00e0 la sortie de l&rsquo;album <a title=\"the way things go de Laurent david\" href=\"http:\/\/www.alter-nativ.fr\/label\/laurent-david-the-way-things-go\/\" target=\"_blank\">\u00ab\u00a0The Way Things Go\u00a0\u00bb<\/a> de Laurent David (s\u00e9lectionn\u00e9 pour l\u2019aide \u00e0 l\u2019autoproduction de la SACEM, sorti sur le label www.alter-nativ.fr) le trio compos\u00e9 de <strong>Maxime Zampieri, Thomas Puybasset et Laurent David<\/strong> s&rsquo;est alors impos\u00e9 comme la formule la plus \u00ab\u00a0puissante\u00a0\u00bb des diff\u00e9rentes formations test\u00e9es pour l&rsquo;exploration du projet sur sc\u00e8ne.<\/p>\n<p><strong>De ces exp\u00e9riences est n\u00e9 M&amp;T@L (Maxime &amp; Thomas @ Laurent).<br \/>\n<\/strong><strong>M&amp;T@L est un power trio, sans guitare.<br \/>\n<\/strong><strong>Influenc\u00e9e par les processus de composition et impr\u00e9gn\u00e9e des codes du \u00ab\u00a0Metal\u00a0\u00bb, la musique se joue fort, s\u2019improvise, se cr\u00e9e \u00e0 trois, sature, explose ou se calme pour mieux alimenter la cr\u00e9ativit\u00e9 du groupe\u2026<\/strong><\/p>\n<p><iframe loading=\"lazy\" scrolling=\"no\" frameborder=\"0\" allowTransparency=\"true\" src=\"http:\/\/www.deezer.com\/plugins\/player?autoplay=false&#038;playlist=true&#038;width=700&#038;height=240&#038;cover=true&#038;type=album&#038;id=9339996&#038;title=&#038;app_id=undefined\" width=\"570\" height=\"240\"><\/iframe><\/p>\n<p>PJL#Bonus\u00a0&#8211; \u00ab\u00a0Rabbit Vs Husky\u00a0\u00bb de\u00a0M&amp;T@L (Video Clip)<br \/>\nFanny Coulm: Chor\u00e9graphie et Danse<br \/>\nLa\u00ebtitia brighi: Danse<br \/>\nUtku bal: Danse<br \/>\nCostumes: Elise Meiniel<br \/>\nMerci au Pan Piper de nous avoir accueillis !<\/p>\n<p><iframe loading=\"lazy\" width=\"500\" height=\"281\" src=\"http:\/\/www.youtube.com\/embed\/TyqQUttOhJk?feature=oembed\" frameborder=\"0\" allowfullscreen><\/iframe><\/p>\n<p>Retrouvez plus d&rsquo;info dans l&rsquo;EPK :<\/p>\n<p><iframe loading=\"lazy\" width=\"500\" height=\"281\" src=\"http:\/\/www.youtube.com\/embed\/U0d9GYI4CfY?feature=oembed\" frameborder=\"0\" allowfullscreen><\/iframe><\/p>\n<p>Paris Jazz Liv #8 &#8211;\u00a0\u00ab\u00a0Ant Colony\u00a0\u00bb de M&amp;T@L<\/p>\n<p><iframe loading=\"lazy\" width=\"500\" height=\"281\" src=\"http:\/\/www.youtube.com\/embed\/eTD9L3ZpRV4?feature=oembed\" frameborder=\"0\" allowfullscreen><\/iframe><\/p>\n<p><img loading=\"lazy\" class=\"alignnone size-full wp-image-397\" title=\"metal-group1\" src=\"http:\/\/www.alter-nativ.fr\/label\/wp-content\/uploads\/2013\/12\/metal-group1.jpg\" alt=\"m&amp;t@l - metal - trio\" width=\"580\" height=\"539\" srcset=\"http:\/\/www.alter-nativ.fr\/label\/wp-content\/uploads\/2013\/12\/metal-group1.jpg 580w, http:\/\/www.alter-nativ.fr\/label\/wp-content\/uploads\/2013\/12\/metal-group1-300x278.jpg 300w, http:\/\/www.alter-nativ.fr\/label\/wp-content\/uploads\/2013\/12\/metal-group1-204x189.jpg 204w\" sizes=\"(max-width: 580px) 100vw, 580px\" \/><\/p>\n<h5>Photos : <a title=\"Cyrille Choupas Photographie\" href=\"http:\/\/www.cyrillechoupas.com\/\" target=\"_blank\">Cyrille Choupas<\/a><br \/>\nGraphisme : <a title=\"Peurduloup - Graphisme\" href=\"http:\/\/www.peurduloup.com\/\" target=\"_blank\">Peurduloup\u00a0<\/a><\/h5>\n<p>&nbsp;<\/p>\n","protected":false},"excerpt":{"rendered":"<p>Du Jazz et du M\u00e9tal en Fusion. Form\u00e9 \u00e0 la sortie de l&rsquo;album \u00ab\u00a0The Way Things Go\u00a0\u00bb de Laurent David (s\u00e9lectionn\u00e9 pour l\u2019aide \u00e0 l\u2019autoproduction de la SACEM, sorti sur le label www.alter-nativ.fr) le trio compos\u00e9 de Maxime Zampieri, Thomas Puybasset et Laurent David s&rsquo;est alors impos\u00e9 comme la formule la plus \u00ab\u00a0puissante\u00a0\u00bb des diff\u00e9rentes [&hellip;]<\/p>\n","protected":false},"author":1,"featured_media":0,"parent":0,"menu_order":0,"comment_status":"closed","ping_status":"closed","template":"page-metal.php","meta":[],"_links":{"self":[{"href":"http:\/\/www.alter-nativ.fr\/label\/wp-json\/wp\/v2\/pages\/349"}],"collection":[{"href":"http:\/\/www.alter-nativ.fr\/label\/wp-json\/wp\/v2\/pages"}],"about":[{"href":"http:\/\/www.alter-nativ.fr\/label\/wp-json\/wp\/v2\/types\/page"}],"author":[{"embeddable":true,"href":"http:\/\/www.alter-nativ.fr\/label\/wp-json\/wp\/v2\/users\/1"}],"replies":[{"embeddable":true,"href":"http:\/\/www.alter-nativ.fr\/label\/wp-json\/wp\/v2\/comments?post=349"}],"version-history":[{"count":54,"href":"http:\/\/www.alter-nativ.fr\/label\/wp-json\/wp\/v2\/pages\/349\/revisions"}],"predecessor-version":[{"id":501,"href":"http:\/\/www.alter-nativ.fr\/label\/wp-json\/wp\/v2\/pages\/349\/revisions\/501"}],"wp:attachment":[{"href":"http:\/\/www.alter-nativ.fr\/label\/wp-json\/wp\/v2\/media?parent=349"}],"curies":[{"name":"wp","href":"https:\/\/api.w.org\/{rel}","templated":true}]}}